{"id":1171,"date":"2018-12-05T17:30:57","date_gmt":"2018-12-05T16:30:57","guid":{"rendered":"https:\/\/wacomaqu.cyon.site\/les-fromages-mont-vully\/"},"modified":"2024-09-24T14:07:53","modified_gmt":"2024-09-24T12:07:53","slug":"les-fromages-mont-vully","status":"publish","type":"page","link":"https:\/\/www.montvullykaese.ch\/fr\/","title":{"rendered":"Les fromages Mont Vully"},"content":{"rendered":"\t\t<div data-elementor-type=\"wp-post\" data-elementor-id=\"1171\" class=\"elementor elementor-1171 elementor-9\" data-elementor-post-type=\"page\">\n\t\t\t\t\t\t<section class=\"elementor-section elementor-top-section elementor-element elementor-element-ec43a6f elementor-section-full_width elementor-section-height-default elementor-section-height-default\" data-id=\"ec43a6f\" data-element_type=\"section\" data-e-type=\"section\">\n\t\t\t\t\t\t<div class=\"elementor-container elementor-column-gap-no\">\n\t\t\t\t\t<div class=\"elementor-column elementor-col-100 elementor-top-column elementor-element elementor-element-b816a46\" data-id=\"b816a46\" data-element_type=\"column\" data-e-type=\"column\">\n\t\t\t<div class=\"elementor-widget-wrap elementor-element-populated\">\n\t\t\t\t\t\t<div class=\"dce-fix-background-loop elementor-element elementor-element-e83f830 hoveranim-yes elementor-widget elementor-widget-dce-acf-repeater-v2\" data-id=\"e83f830\" data-element_type=\"widget\" data-e-type=\"widget\" data-settings=\"{&quot;dce_acf_repeater_format&quot;:&quot;slider_carousel&quot;,&quot;effects&quot;:&quot;fade&quot;,&quot;useAutoplay&quot;:&quot;yes&quot;,&quot;speed_slider&quot;:500,&quot;slidesPerView&quot;:&quot;1&quot;,&quot;slidesColumn&quot;:&quot;1&quot;,&quot;slidesPerGroup&quot;:1,&quot;spaceBetween&quot;:0,&quot;centerInsufficientSlides&quot;:&quot;yes&quot;,&quot;useNavigation&quot;:&quot;yes&quot;,&quot;autoplay&quot;:3000,&quot;autoplayDisableOnInteraction&quot;:&quot;yes&quot;}\" data-widget_type=\"dce-acf-repeater-v2.default\">\n\t\t\t\t<div class=\"elementor-widget-container\">\n\t\t\t\t\t<div class=\"dce-acf-repeater\"><div class=\"dce-acf-repeater-slider_carousel swiper swiper-container-horizontal\" counter-id=\"1\"><div class=\"swiper-wrapper\"><div class=\"dce-acf-repeater-item swiper-slide\">\t\t<div data-elementor-type=\"section\" data-elementor-id=\"1666\" class=\"elementor elementor-1666 elementor-859 dce-elementor-rendering-id-1 elementor-859\" data-elementor-post-type=\"elementor_library\">\n\t\t\t\t\t<section data-dce-background-overlay-color=\"#000000\" data-dce-background-image-url=\"https:\/\/www.montvullykaese.ch\/wp-content\/uploads\/2022\/07\/img-montvullykaese_1531-43.jpg\" class=\"elementor-section elementor-top-section elementor-element elementor-element-4dd21a9 elementor-section-height-min-height elementor-section-content-middle elementor-section-boxed elementor-section-height-default elementor-section-items-middle\" data-id=\"4dd21a9\" data-element_type=\"section\" data-e-type=\"section\" data-settings=\"{&quot;background_background&quot;:&quot;classic&quot;}\">\n\t\t\t\t\t\t\t<div class=\"elementor-background-overlay\"><\/div>\n\t\t\t\t\t\t\t<div class=\"elementor-container elementor-column-gap-no\">\n\t\t\t\t\t<div class=\"elementor-column elementor-col-100 elementor-top-column elementor-element elementor-element-19d6f68c\" data-id=\"19d6f68c\" data-element_type=\"column\" data-e-type=\"column\" data-settings=\"{&quot;background_background&quot;:&quot;classic&quot;}\">\n\t\t\t<div class=\"elementor-widget-wrap elementor-element-populated\">\n\t\t\t\t\t\t<div class=\"elementor-element elementor-element-088e6a7 align-dce-center elementor-widget elementor-widget-dyncontel-acf\" data-id=\"088e6a7\" data-element_type=\"widget\" data-e-type=\"widget\" data-settings=\"{&quot;acf_field_list&quot;:&quot;slider_titel&quot;,&quot;acf_type&quot;:&quot;text&quot;}\" data-widget_type=\"dyncontel-acf.default\">\n\t\t\t\t<div class=\"elementor-widget-container\">\n\t\t\t\t\t<div class=\"dynamic-content-for-elementor-acf \">March\u00e9 Bio Fribourg<\/div>\t\t\t\t<\/div>\n\t\t\t\t<\/div>\n\t\t\t\t<div class=\"elementor-element elementor-element-b7231da align-dce-center elementor-widget elementor-widget-dyncontel-acf\" data-id=\"b7231da\" data-element_type=\"widget\" data-e-type=\"widget\" data-settings=\"{&quot;acf_field_list&quot;:&quot;slider_untertitel&quot;,&quot;acf_type&quot;:&quot;text&quot;}\" data-widget_type=\"dyncontel-acf.default\">\n\t\t\t\t<div class=\"elementor-widget-container\">\n\t\t\t\t\t<div class=\"dynamic-content-for-elementor-acf \">29 septembre 2025<\/div>\t\t\t\t<\/div>\n\t\t\t\t<\/div>\n\t\t\t\t\t<\/div>\n\t\t<\/div>\n\t\t\t\t\t<\/div>\n\t\t<\/section>\n\t\t\t\t<\/div>\n\t\t<\/div><div class=\"dce-acf-repeater-item swiper-slide\">\t\t<div data-elementor-type=\"section\" data-elementor-id=\"1666\" class=\"elementor elementor-1666 elementor-859 dce-elementor-rendering-id-2 elementor-859\" data-elementor-post-type=\"elementor_library\">\n\t\t\t\t\t<section data-dce-background-overlay-color=\"#000000\" data-dce-background-image-url=\"https:\/\/www.montvullykaese.ch\/wp-content\/uploads\/2022\/07\/img-montvullykaese_1110-56.jpg\" class=\"elementor-section elementor-top-section elementor-element elementor-element-4dd21a9 elementor-section-height-min-height elementor-section-content-middle elementor-section-boxed elementor-section-height-default elementor-section-items-middle\" data-id=\"4dd21a9\" data-element_type=\"section\" data-e-type=\"section\" data-settings=\"{&quot;background_background&quot;:&quot;classic&quot;}\">\n\t\t\t\t\t\t\t<div class=\"elementor-background-overlay\"><\/div>\n\t\t\t\t\t\t\t<div class=\"elementor-container elementor-column-gap-no\">\n\t\t\t\t\t<div class=\"elementor-column elementor-col-100 elementor-top-column elementor-element elementor-element-19d6f68c\" data-id=\"19d6f68c\" data-element_type=\"column\" data-e-type=\"column\" data-settings=\"{&quot;background_background&quot;:&quot;classic&quot;}\">\n\t\t\t<div class=\"elementor-widget-wrap elementor-element-populated\">\n\t\t\t\t\t\t<div class=\"elementor-element elementor-element-088e6a7 align-dce-center elementor-widget elementor-widget-dyncontel-acf\" data-id=\"088e6a7\" data-element_type=\"widget\" data-e-type=\"widget\" data-settings=\"{&quot;acf_field_list&quot;:&quot;slider_titel&quot;,&quot;acf_type&quot;:&quot;text&quot;}\" data-widget_type=\"dyncontel-acf.default\">\n\t\t\t\t<div class=\"elementor-widget-container\">\n\t\t\t\t\t<div class=\"dynamic-content-for-elementor-acf \">Cheese Festival Huttwil<\/div>\t\t\t\t<\/div>\n\t\t\t\t<\/div>\n\t\t\t\t<div class=\"elementor-element elementor-element-b7231da align-dce-center elementor-widget elementor-widget-dyncontel-acf\" data-id=\"b7231da\" data-element_type=\"widget\" data-e-type=\"widget\" data-settings=\"{&quot;acf_field_list&quot;:&quot;slider_untertitel&quot;,&quot;acf_type&quot;:&quot;text&quot;}\" data-widget_type=\"dyncontel-acf.default\">\n\t\t\t\t<div class=\"elementor-widget-container\">\n\t\t\t\t\t<div class=\"dynamic-content-for-elementor-acf \">4 et 5 octobre 2025<\/div>\t\t\t\t<\/div>\n\t\t\t\t<\/div>\n\t\t\t\t\t<\/div>\n\t\t<\/div>\n\t\t\t\t\t<\/div>\n\t\t<\/section>\n\t\t\t\t<\/div>\n\t\t<\/div><div class=\"dce-acf-repeater-item swiper-slide\">\t\t<div data-elementor-type=\"section\" data-elementor-id=\"1666\" class=\"elementor elementor-1666 elementor-859 dce-elementor-rendering-id-3 elementor-859\" data-elementor-post-type=\"elementor_library\">\n\t\t\t\t\t<section data-dce-background-overlay-color=\"#000000\" data-dce-background-image-url=\"https:\/\/www.montvullykaese.ch\/wp-content\/uploads\/2022\/07\/img-montvullykaese_0927-32.jpg\" class=\"elementor-section elementor-top-section elementor-element elementor-element-4dd21a9 elementor-section-height-min-height elementor-section-content-middle elementor-section-boxed elementor-section-height-default elementor-section-items-middle\" data-id=\"4dd21a9\" data-element_type=\"section\" data-e-type=\"section\" data-settings=\"{&quot;background_background&quot;:&quot;classic&quot;}\">\n\t\t\t\t\t\t\t<div class=\"elementor-background-overlay\"><\/div>\n\t\t\t\t\t\t\t<div class=\"elementor-container elementor-column-gap-no\">\n\t\t\t\t\t<div class=\"elementor-column elementor-col-100 elementor-top-column elementor-element elementor-element-19d6f68c\" data-id=\"19d6f68c\" data-element_type=\"column\" data-e-type=\"column\" data-settings=\"{&quot;background_background&quot;:&quot;classic&quot;}\">\n\t\t\t<div class=\"elementor-widget-wrap elementor-element-populated\">\n\t\t\t\t\t\t<div class=\"elementor-element elementor-element-088e6a7 align-dce-center elementor-widget elementor-widget-dyncontel-acf\" data-id=\"088e6a7\" data-element_type=\"widget\" data-e-type=\"widget\" data-settings=\"{&quot;acf_field_list&quot;:&quot;slider_titel&quot;,&quot;acf_type&quot;:&quot;text&quot;}\" data-widget_type=\"dyncontel-acf.default\">\n\t\t\t\t<div class=\"elementor-widget-container\">\n\t\t\t\t\t<div class=\"dynamic-content-for-elementor-acf \">World Cheese Awards Berne<\/div>\t\t\t\t<\/div>\n\t\t\t\t<\/div>\n\t\t\t\t<div class=\"elementor-element elementor-element-b7231da align-dce-center elementor-widget elementor-widget-dyncontel-acf\" data-id=\"b7231da\" data-element_type=\"widget\" data-e-type=\"widget\" data-settings=\"{&quot;acf_field_list&quot;:&quot;slider_untertitel&quot;,&quot;acf_type&quot;:&quot;text&quot;}\" data-widget_type=\"dyncontel-acf.default\">\n\t\t\t\t<div class=\"elementor-widget-container\">\n\t\t\t\t\t<div class=\"dynamic-content-for-elementor-acf \">14 et 15 novembre 2025<\/div>\t\t\t\t<\/div>\n\t\t\t\t<\/div>\n\t\t\t\t\t<\/div>\n\t\t<\/div>\n\t\t\t\t\t<\/div>\n\t\t<\/section>\n\t\t\t\t<\/div>\n\t\t<\/div><div class=\"dce-acf-repeater-item swiper-slide\">\t\t<div data-elementor-type=\"section\" data-elementor-id=\"1666\" class=\"elementor elementor-1666 elementor-859 dce-elementor-rendering-id-4 elementor-859\" data-elementor-post-type=\"elementor_library\">\n\t\t\t\t\t<section data-dce-background-overlay-color=\"#000000\" data-dce-background-image-url=\"https:\/\/www.montvullykaese.ch\/wp-content\/uploads\/2022\/07\/img-montvullykaese_0958-06.jpg\" class=\"elementor-section elementor-top-section elementor-element elementor-element-4dd21a9 elementor-section-height-min-height elementor-section-content-middle elementor-section-boxed elementor-section-height-default elementor-section-items-middle\" data-id=\"4dd21a9\" data-element_type=\"section\" data-e-type=\"section\" data-settings=\"{&quot;background_background&quot;:&quot;classic&quot;}\">\n\t\t\t\t\t\t\t<div class=\"elementor-background-overlay\"><\/div>\n\t\t\t\t\t\t\t<div class=\"elementor-container elementor-column-gap-no\">\n\t\t\t\t\t<div class=\"elementor-column elementor-col-100 elementor-top-column elementor-element elementor-element-19d6f68c\" data-id=\"19d6f68c\" data-element_type=\"column\" data-e-type=\"column\" data-settings=\"{&quot;background_background&quot;:&quot;classic&quot;}\">\n\t\t\t<div class=\"elementor-widget-wrap elementor-element-populated\">\n\t\t\t\t\t\t<div class=\"elementor-element elementor-element-088e6a7 align-dce-center elementor-widget elementor-widget-dyncontel-acf\" data-id=\"088e6a7\" data-element_type=\"widget\" data-e-type=\"widget\" data-settings=\"{&quot;acf_field_list&quot;:&quot;slider_titel&quot;,&quot;acf_type&quot;:&quot;text&quot;}\" data-widget_type=\"dyncontel-acf.default\">\n\t\t\t\t<div class=\"elementor-widget-container\">\n\t\t\t\t\t<div class=\"dynamic-content-for-elementor-acf \">Cheesaffair Aarau<\/div>\t\t\t\t<\/div>\n\t\t\t\t<\/div>\n\t\t\t\t<div class=\"elementor-element elementor-element-b7231da align-dce-center elementor-widget elementor-widget-dyncontel-acf\" data-id=\"b7231da\" data-element_type=\"widget\" data-e-type=\"widget\" data-settings=\"{&quot;acf_field_list&quot;:&quot;slider_untertitel&quot;,&quot;acf_type&quot;:&quot;text&quot;}\" data-widget_type=\"dyncontel-acf.default\">\n\t\t\t\t<div class=\"elementor-widget-container\">\n\t\t\t\t\t<div class=\"dynamic-content-for-elementor-acf \">2 et 3 f\u00e9vrier 2026<\/div>\t\t\t\t<\/div>\n\t\t\t\t<\/div>\n\t\t\t\t\t<\/div>\n\t\t<\/div>\n\t\t\t\t\t<\/div>\n\t\t<\/section>\n\t\t\t\t<\/div>\n\t\t<\/div><div class=\"dce-acf-repeater-item swiper-slide\">\t\t<div data-elementor-type=\"section\" data-elementor-id=\"1666\" class=\"elementor elementor-1666 elementor-859 dce-elementor-rendering-id-5 elementor-859\" data-elementor-post-type=\"elementor_library\">\n\t\t\t\t\t<section data-dce-background-overlay-color=\"#000000\" data-dce-background-image-url=\"https:\/\/www.montvullykaese.ch\/wp-content\/uploads\/2021\/08\/img-team-2021.jpg\" class=\"elementor-section elementor-top-section elementor-element elementor-element-4dd21a9 elementor-section-height-min-height elementor-section-content-middle elementor-section-boxed elementor-section-height-default elementor-section-items-middle\" data-id=\"4dd21a9\" data-element_type=\"section\" data-e-type=\"section\" data-settings=\"{&quot;background_background&quot;:&quot;classic&quot;}\">\n\t\t\t\t\t\t\t<div class=\"elementor-background-overlay\"><\/div>\n\t\t\t\t\t\t\t<div class=\"elementor-container elementor-column-gap-no\">\n\t\t\t\t\t<div class=\"elementor-column elementor-col-100 elementor-top-column elementor-element elementor-element-19d6f68c\" data-id=\"19d6f68c\" data-element_type=\"column\" data-e-type=\"column\" data-settings=\"{&quot;background_background&quot;:&quot;classic&quot;}\">\n\t\t\t<div class=\"elementor-widget-wrap elementor-element-populated\">\n\t\t\t\t\t\t<div class=\"elementor-element elementor-element-088e6a7 align-dce-center elementor-widget elementor-widget-dyncontel-acf\" data-id=\"088e6a7\" data-element_type=\"widget\" data-e-type=\"widget\" data-settings=\"{&quot;acf_field_list&quot;:&quot;slider_titel&quot;,&quot;acf_type&quot;:&quot;text&quot;}\" data-widget_type=\"dyncontel-acf.default\">\n\t\t\t\t<div class=\"elementor-widget-container\">\n\t\t\t\t\t<div class=\"dynamic-content-for-elementor-acf \">Le fromage Mont Vully Bio maintenant disponible au magasin Bio26 \u00e0 Fribourg<\/div>\t\t\t\t<\/div>\n\t\t\t\t<\/div>\n\t\t\t\t\t<\/div>\n\t\t<\/div>\n\t\t\t\t\t<\/div>\n\t\t<\/section>\n\t\t\t\t<\/div>\n\t\t<\/div><\/div><\/div><div class=\"swiper-button-prev prev-e83f830 prev-1\" role=\"button\" tabindex=\"0\" aria-label=\"Previous slide\"><svg version=\"1.1\" xmlns=\"http:\/\/www.w3.org\/2000\/svg\" xmlns:xlink=\"http:\/\/www.w3.org\/1999\/xlink\" x=\"0px\" y=\"0px\"\n\t\t\t\t\t\t\t\t\t\twidth=\"85.039px\" height=\"85.039px\" viewBox=\"378.426 255.12 85.039 85.039\" enable-background=\"new 378.426 255.12 85.039 85.039\"\n\t\t\t\t\t\t\t\t\t\txml:space=\"preserve\">\n\t\t\t\t\t\t\t\t\t\t<line fill=\"none\" stroke=\"#000000\" stroke-width=\"1.3845\" stroke-dasharray=\"0,0\" stroke-miterlimit=\"10\" x1=\"382.456\" y1=\"298.077\" x2=\"458.375\" y2=\"298.077\"\/>\n\t\t\t\t\t\t\t\t\t\t<polyline fill=\"none\" stroke=\"#000000\" stroke-width=\"1.3845\" stroke-dasharray=\"0,0\" stroke-miterlimit=\"10\" points=\"416.287,331.909,382.456,298.077\n\t\t\t\t\t\t\t\t\t\t416.287,264.245 \"\/>\n\t\t\t\t\t\t\t\t\t\t<\/svg><\/div><div class=\"swiper-button-next next-e83f830 next-1\" role=\"button\" tabindex=\"0\" aria-label=\"Next slide\"><svg version=\"1.1\" xmlns=\"http:\/\/www.w3.org\/2000\/svg\" xmlns:xlink=\"http:\/\/www.w3.org\/1999\/xlink\" x=\"0px\" y=\"0px\"\n\t\t\t\t\t\t\t\t\t\twidth=\"85.039px\" height=\"85.039px\" viewBox=\"378.426 255.12 85.039 85.039\" enable-background=\"new 378.426 255.12 85.039 85.039\"\n\t\t\t\t\t\t\t\t\t\txml:space=\"preserve\">\n\t\t\t\t\t\t\t\t\t\t<line fill=\"none\" stroke=\"#000000\" stroke-width=\"1.3845\" stroke-miterlimit=\"10\" x1=\"458.375\" y1=\"298.077\" x2=\"382.456\" y2=\"298.077\"\/>\n\t\t\t\t\t\t\t\t\t\t<polyline fill=\"none\" stroke=\"#000000\" stroke-width=\"1.3845\" stroke-miterlimit=\"10\" points=\"424.543,264.245,458.375,298.077\n\t\t\t\t\t\t\t\t\t\t424.543,331.909 \"\/>\n\t\t\t\t\t\t\t\t\t\t<\/svg><\/div><\/div>\t\t\t\t<\/div>\n\t\t\t\t<\/div>\n\t\t\t\t\t<\/div>\n\t\t<\/div>\n\t\t\t\t\t<\/div>\n\t\t<\/section>\n\t\t\t\t<section data-dce-background-color=\"#da996c\" class=\"elementor-section elementor-top-section elementor-element elementor-element-1f15c92 elementor-section-boxed elementor-section-height-default elementor-section-height-default\" data-id=\"1f15c92\" data-element_type=\"section\" data-e-type=\"section\" data-settings=\"{&quot;background_background&quot;:&quot;classic&quot;}\">\n\t\t\t\t\t\t<div class=\"elementor-container elementor-column-gap-default\">\n\t\t\t\t\t<div class=\"elementor-column elementor-col-100 elementor-top-column elementor-element elementor-element-e9179e0\" data-id=\"e9179e0\" data-element_type=\"column\" data-e-type=\"column\">\n\t\t\t<div class=\"elementor-widget-wrap elementor-element-populated\">\n\t\t\t\t\t\t<div class=\"elementor-element elementor-element-7630cfe elementor-widget elementor-widget-theme-post-title elementor-page-title elementor-widget-heading\" data-id=\"7630cfe\" data-element_type=\"widget\" data-e-type=\"widget\" data-widget_type=\"theme-post-title.default\">\n\t\t\t\t<div class=\"elementor-widget-container\">\n\t\t\t\t\t<h1 class=\"elementor-heading-title elementor-size-default\">Les fromages Mont Vully<\/h1>\t\t\t\t<\/div>\n\t\t\t\t<\/div>\n\t\t\t\t\t<\/div>\n\t\t<\/div>\n\t\t\t\t\t<\/div>\n\t\t<\/section>\n\t\t\t\t<section data-dce-background-overlay-color=\"#000000\" data-dce-background-image-url=\"https:\/\/www.montvullykaese.ch\/wp-content\/uploads\/2019\/11\/background_kaese_laibe.jpg\" class=\"elementor-section elementor-top-section elementor-element elementor-element-477800c elementor-section-boxed elementor-section-height-default elementor-section-height-default\" data-id=\"477800c\" data-element_type=\"section\" data-e-type=\"section\" data-settings=\"{&quot;background_background&quot;:&quot;classic&quot;}\">\n\t\t\t\t\t\t\t<div class=\"elementor-background-overlay\"><\/div>\n\t\t\t\t\t\t\t<div class=\"elementor-container elementor-column-gap-default\">\n\t\t\t\t\t<div data-dce-background-color=\"rgba(218,153,108,0.6)\" class=\"elementor-column elementor-col-100 elementor-top-column elementor-element elementor-element-24901e0\" data-id=\"24901e0\" data-element_type=\"column\" data-e-type=\"column\" data-settings=\"{&quot;background_background&quot;:&quot;classic&quot;}\">\n\t\t\t<div class=\"elementor-widget-wrap elementor-element-populated\">\n\t\t\t\t\t\t<section data-dce-background-color=\"#da996c\" class=\"elementor-section elementor-inner-section elementor-element elementor-element-edf7c14 elementor-section-boxed elementor-section-height-default elementor-section-height-default\" data-id=\"edf7c14\" data-element_type=\"section\" data-e-type=\"section\" data-settings=\"{&quot;background_background&quot;:&quot;classic&quot;}\">\n\t\t\t\t\t\t<div class=\"elementor-container elementor-column-gap-default\">\n\t\t\t\t\t<div data-dce-background-image-url=\"https:\/\/www.montvullykaese.ch\/wp-content\/uploads\/2022\/07\/img-monvullykaese-classique-2022.jpg\" class=\"elementor-column elementor-col-50 elementor-inner-column elementor-element elementor-element-69ab725\" data-id=\"69ab725\" data-element_type=\"column\" data-e-type=\"column\" data-settings=\"{&quot;background_background&quot;:&quot;classic&quot;}\">\n\t\t\t<div class=\"elementor-widget-wrap elementor-element-populated\">\n\t\t\t\t\t\t<div class=\"elementor-element elementor-element-d8a2f4f elementor-widget elementor-widget-spacer\" data-id=\"d8a2f4f\" data-element_type=\"widget\" data-e-type=\"widget\" data-widget_type=\"spacer.default\">\n\t\t\t\t<div class=\"elementor-widget-container\">\n\t\t\t\t\t\t\t<div class=\"elementor-spacer\">\n\t\t\t<div class=\"elementor-spacer-inner\"><\/div>\n\t\t<\/div>\n\t\t\t\t\t\t<\/div>\n\t\t\t\t<\/div>\n\t\t\t\t\t<\/div>\n\t\t<\/div>\n\t\t\t\t<div class=\"elementor-column elementor-col-50 elementor-inner-column elementor-element elementor-element-7149201\" data-id=\"7149201\" data-element_type=\"column\" data-e-type=\"column\">\n\t\t\t<div class=\"elementor-widget-wrap elementor-element-populated\">\n\t\t\t\t\t\t<div class=\"elementor-element elementor-element-15953fc elementor-widget elementor-widget-heading\" data-id=\"15953fc\" data-element_type=\"widget\" data-e-type=\"widget\" data-widget_type=\"heading.default\">\n\t\t\t\t<div class=\"elementor-widget-container\">\n\t\t\t\t\t<h2 class=\"elementor-heading-title elementor-size-default\">Le Classique: un r\u00e9gal en toute circonstance<\/h2>\t\t\t\t<\/div>\n\t\t\t\t<\/div>\n\t\t\t\t<div class=\"elementor-element elementor-element-c8b0e46 elementor-widget-divider--view-line elementor-widget elementor-widget-divider\" data-id=\"c8b0e46\" data-element_type=\"widget\" data-e-type=\"widget\" data-widget_type=\"divider.default\">\n\t\t\t\t<div class=\"elementor-widget-container\">\n\t\t\t\t\t\t\t<div class=\"elementor-divider\">\n\t\t\t<span class=\"elementor-divider-separator\">\n\t\t\t\t\t\t<\/span>\n\t\t<\/div>\n\t\t\t\t\t\t<\/div>\n\t\t\t\t<\/div>\n\t\t\t\t<div class=\"elementor-element elementor-element-521616c elementor-widget elementor-widget-text-editor\" data-id=\"521616c\" data-element_type=\"widget\" data-e-type=\"widget\" data-widget_type=\"text-editor.default\">\n\t\t\t\t<div class=\"elementor-widget-container\">\n\t\t\t\t\t\t\t\t\t<p>Notre Classique est le compagnon id\u00e9al pour toutes les occasions: au petit-d\u00e9jeuner, pour le brunch, le d\u00eener ou simplement comme en-cas. Il fait \u00e9galement bonne figure dans un sandwich ou sur le plateau de fromage, et m\u00eame en guise de dessert. La \u00abversion originale\u00bb offre toujours un pur moment de plaisir \u00e0 la d\u00e9gustation avec sa texture moelleuse et tendre \u00e0 souhait. Il est reconnaissable \u00e0 sa couleur ivoire tirant sur le jaune p\u00e2le et \u00e0 sa saveur d\u00e9licate, franche et l\u00e9g\u00e8rement relev\u00e9e.<\/p>\n<p>Son petit plus: tout au long de l\u2019affinage en cave, chaque meule est frott\u00e9e amoureusement avec le pinot noir des coteaux du Vully, et ce plusieurs fois par semaine; pour finir, elle re\u00e7oit sa patine inimitable gr\u00e2ce au rocou, un extrait v\u00e9g\u00e9tal naturel.<\/p>\n\t\t\t\t\t\t\t\t<\/div>\n\t\t\t\t<\/div>\n\t\t\t\t<div class=\"elementor-element elementor-element-7512bc8 elementor-widget elementor-widget-heading\" data-id=\"7512bc8\" data-element_type=\"widget\" data-e-type=\"widget\" data-widget_type=\"heading.default\">\n\t\t\t\t<div class=\"elementor-widget-container\">\n\t\t\t\t\t<h3 class=\"elementor-heading-title elementor-size-default\">M\u00e9daille de bronze aux Championnats du monde des fromages 2022!<\/h3>\t\t\t\t<\/div>\n\t\t\t\t<\/div>\n\t\t\t\t<div class=\"elementor-element elementor-element-0393d2e elementor-widget elementor-widget-text-editor\" data-id=\"0393d2e\" data-element_type=\"widget\" data-e-type=\"widget\" data-widget_type=\"text-editor.default\">\n\t\t\t\t<div class=\"elementor-widget-container\">\n\t\t\t\t\t\t\t\t\t<p>Lors du plus grand concours international des fromages qui a eu lieu dans le Wisconsin, \u00c9tats-Unis, le Classique a \u00e9t\u00e9 r\u00e9compens\u00e9 dans sa cat\u00e9gorie par une m\u00e9daille de bronze. <a href=\"https:\/\/worldchampioncheese.org\/2022-champion\/\" target=\"_blank\" rel=\"noopener\">Informations d\u00e9taill\u00e9es ici.<\/a><\/p>\n\t\t\t\t\t\t\t\t<\/div>\n\t\t\t\t<\/div>\n\t\t\t\t\t<\/div>\n\t\t<\/div>\n\t\t\t\t\t<\/div>\n\t\t<\/section>\n\t\t\t\t<section data-dce-background-color=\"#467450\" class=\"elementor-section elementor-inner-section elementor-element elementor-element-c058a26 le_bio elementor-reverse-tablet elementor-reverse-mobile elementor-section-boxed elementor-section-height-default elementor-section-height-default\" data-id=\"c058a26\" data-element_type=\"section\" data-e-type=\"section\" data-settings=\"{&quot;background_background&quot;:&quot;classic&quot;}\">\n\t\t\t\t\t\t<div class=\"elementor-container elementor-column-gap-default\">\n\t\t\t\t\t<div class=\"elementor-column elementor-col-50 elementor-inner-column elementor-element elementor-element-893baec\" data-id=\"893baec\" data-element_type=\"column\" data-e-type=\"column\">\n\t\t\t<div class=\"elementor-widget-wrap elementor-element-populated\">\n\t\t\t\t\t\t<div class=\"elementor-element elementor-element-719b3df elementor-widget elementor-widget-heading\" data-id=\"719b3df\" data-element_type=\"widget\" data-e-type=\"widget\" data-widget_type=\"heading.default\">\n\t\t\t\t<div class=\"elementor-widget-container\">\n\t\t\t\t\t<h2 class=\"elementor-heading-title elementor-size-default\">Le Bio: douceur et label Bourgeon, champion de Suisse<\/h2>\t\t\t\t<\/div>\n\t\t\t\t<\/div>\n\t\t\t\t<div class=\"elementor-element elementor-element-85d5a5d elementor-widget-divider--view-line elementor-widget elementor-widget-divider\" data-id=\"85d5a5d\" data-element_type=\"widget\" data-e-type=\"widget\" data-widget_type=\"divider.default\">\n\t\t\t\t<div class=\"elementor-widget-container\">\n\t\t\t\t\t\t\t<div class=\"elementor-divider\">\n\t\t\t<span class=\"elementor-divider-separator\">\n\t\t\t\t\t\t<\/span>\n\t\t<\/div>\n\t\t\t\t\t\t<\/div>\n\t\t\t\t<\/div>\n\t\t\t\t<div class=\"elementor-element elementor-element-04f0985 elementor-widget elementor-widget-text-editor\" data-id=\"04f0985\" data-element_type=\"widget\" data-e-type=\"widget\" data-widget_type=\"text-editor.default\">\n\t\t\t\t<div class=\"elementor-widget-container\">\n\t\t\t\t\t\t\t\t\t<p>Elabor\u00e9 avec passion, le Mont Vully Bio respecte \u00e0 la lettre les directives s\u00e9v\u00e8res du label Bio Suisse: ce fromage \u00e0 p\u00e2te mi-dure, \u00e9labor\u00e9 \u00e0 base de lait entier issu d\u2019une production biologique contr\u00f4l\u00e9e, fait l\u2019unanimit\u00e9 d\u00e8s la premi\u00e8re bouch\u00e9e. L\u00e9g\u00e8rement plus doux que le Classique, il enchante le palais par son ar\u00f4me agr\u00e9ablement relev\u00e9, franc et harmonieux. Le Bio est affin\u00e9 au pinot r\u00e9gent, un excellent vin rouge de Vully, \u00e9galement de production biologique.<\/p>\n\t\t\t\t\t\t\t\t<\/div>\n\t\t\t\t<\/div>\n\t\t\t\t<div class=\"elementor-element elementor-element-a2f5a07 elementor-widget elementor-widget-heading\" data-id=\"a2f5a07\" data-element_type=\"widget\" data-e-type=\"widget\" data-widget_type=\"heading.default\">\n\t\t\t\t<div class=\"elementor-widget-container\">\n\t\t\t\t\t<h3 class=\"elementor-heading-title elementor-size-default\">Argent aux Championnats du monde des fromages 2022!<\/h3>\t\t\t\t<\/div>\n\t\t\t\t<\/div>\n\t\t\t\t<div class=\"elementor-element elementor-element-ce1ff4f elementor-widget elementor-widget-text-editor\" data-id=\"ce1ff4f\" data-element_type=\"widget\" data-e-type=\"widget\" data-widget_type=\"text-editor.default\">\n\t\t\t\t<div class=\"elementor-widget-container\">\n\t\t\t\t\t\t\t\t\t<p>Lors des\u00a0<a href=\"https:\/\/worldchampioncheese.org\/2022-champion\/\" target=\"_blank\" rel=\"noopener\">Championnats du monde des fromages 2022 dans le Wisconsin<\/a>,\u00a0aux \u00c9tats-Unis, le Mont Vully Bio a re\u00e7u une m\u00e9daille d\u2019argent dans sa cat\u00e9gorie!<\/p>\n\t\t\t\t\t\t\t\t<\/div>\n\t\t\t\t<\/div>\n\t\t\t\t\t<\/div>\n\t\t<\/div>\n\t\t\t\t<div data-dce-background-image-url=\"https:\/\/www.montvullykaese.ch\/wp-content\/uploads\/2022\/07\/img-monvullykaese-bio-2022.jpg\" class=\"elementor-column elementor-col-50 elementor-inner-column elementor-element elementor-element-651c197\" data-id=\"651c197\" data-element_type=\"column\" data-e-type=\"column\" data-settings=\"{&quot;background_background&quot;:&quot;classic&quot;}\">\n\t\t\t<div class=\"elementor-widget-wrap elementor-element-populated\">\n\t\t\t\t\t\t<div class=\"elementor-element elementor-element-15133ca elementor-widget elementor-widget-spacer\" data-id=\"15133ca\" data-element_type=\"widget\" data-e-type=\"widget\" data-widget_type=\"spacer.default\">\n\t\t\t\t<div class=\"elementor-widget-container\">\n\t\t\t\t\t\t\t<div class=\"elementor-spacer\">\n\t\t\t<div class=\"elementor-spacer-inner\"><\/div>\n\t\t<\/div>\n\t\t\t\t\t\t<\/div>\n\t\t\t\t<\/div>\n\t\t\t\t\t<\/div>\n\t\t<\/div>\n\t\t\t\t\t<\/div>\n\t\t<\/section>\n\t\t\t\t<section data-dce-background-color=\"#c03445\" class=\"elementor-section elementor-inner-section elementor-element elementor-element-0c9534b elementor-section-boxed elementor-section-height-default elementor-section-height-default\" data-id=\"0c9534b\" data-element_type=\"section\" data-e-type=\"section\" data-settings=\"{&quot;background_background&quot;:&quot;classic&quot;}\">\n\t\t\t\t\t\t<div class=\"elementor-container elementor-column-gap-default\">\n\t\t\t\t\t<div data-dce-background-image-url=\"https:\/\/www.montvullykaese.ch\/wp-content\/uploads\/2022\/07\/img-monvullykaese-reserve-2022.jpg\" class=\"elementor-column elementor-col-50 elementor-inner-column elementor-element elementor-element-70e821a\" data-id=\"70e821a\" data-element_type=\"column\" data-e-type=\"column\" data-settings=\"{&quot;background_background&quot;:&quot;classic&quot;}\">\n\t\t\t<div class=\"elementor-widget-wrap elementor-element-populated\">\n\t\t\t\t\t\t<div class=\"elementor-element elementor-element-cef82a1 elementor-widget elementor-widget-spacer\" data-id=\"cef82a1\" data-element_type=\"widget\" data-e-type=\"widget\" data-widget_type=\"spacer.default\">\n\t\t\t\t<div class=\"elementor-widget-container\">\n\t\t\t\t\t\t\t<div class=\"elementor-spacer\">\n\t\t\t<div class=\"elementor-spacer-inner\"><\/div>\n\t\t<\/div>\n\t\t\t\t\t\t<\/div>\n\t\t\t\t<\/div>\n\t\t\t\t\t<\/div>\n\t\t<\/div>\n\t\t\t\t<div class=\"elementor-column elementor-col-50 elementor-inner-column elementor-element elementor-element-89cb7c7\" data-id=\"89cb7c7\" data-element_type=\"column\" data-e-type=\"column\">\n\t\t\t<div class=\"elementor-widget-wrap elementor-element-populated\">\n\t\t\t\t\t\t<div class=\"elementor-element elementor-element-ac3636d elementor-widget elementor-widget-heading\" data-id=\"ac3636d\" data-element_type=\"widget\" data-e-type=\"widget\" data-widget_type=\"heading.default\">\n\t\t\t\t<div class=\"elementor-widget-container\">\n\t\t\t\t\t<h2 class=\"elementor-heading-title elementor-size-default\">Le R\u00e9serve: la richesse de la maturit\u00e9<\/h2>\t\t\t\t<\/div>\n\t\t\t\t<\/div>\n\t\t\t\t<div class=\"elementor-element elementor-element-fa7501a elementor-widget-divider--view-line elementor-widget elementor-widget-divider\" data-id=\"fa7501a\" data-element_type=\"widget\" data-e-type=\"widget\" data-widget_type=\"divider.default\">\n\t\t\t\t<div class=\"elementor-widget-container\">\n\t\t\t\t\t\t\t<div class=\"elementor-divider\">\n\t\t\t<span class=\"elementor-divider-separator\">\n\t\t\t\t\t\t<\/span>\n\t\t<\/div>\n\t\t\t\t\t\t<\/div>\n\t\t\t\t<\/div>\n\t\t\t\t<div class=\"elementor-element elementor-element-b54b6a4 elementor-widget elementor-widget-text-editor\" data-id=\"b54b6a4\" data-element_type=\"widget\" data-e-type=\"widget\" data-widget_type=\"text-editor.default\">\n\t\t\t\t<div class=\"elementor-widget-container\">\n\t\t\t\t\t\t\t\t\t<p>Le R\u00e9serve est un plaisir incontournable pour tous ceux qui n\u2019ont pas froid aux papilles gustatives. Comparativement au Classique ou au Bio, le R\u00e9serve est affin\u00e9 plus longtemps, jusqu\u2019\u00e0 six mois suppl\u00e9mentaires. Cela lui conf\u00e8re un ar\u00f4me encore plus cors\u00e9 sans \u00eatre piquant, sa consistance devient plus ferme et sa cro\u00fbte gagne \u00e9galement en caract\u00e8re. L\u00e0 aussi, chaque meule est frott\u00e9e avec du vin originaire de Vully (pinot noir). Le R\u00e9serve perd un peu de sa teneur en eau lors de sa longue maturation, ce qui all\u00e8ge l\u00e9g\u00e8rement les meules tout en concentrant le go\u00fbt.<\/p>\n\t\t\t\t\t\t\t\t<\/div>\n\t\t\t\t<\/div>\n\t\t\t\t<div class=\"elementor-element elementor-element-16c117b elementor-widget elementor-widget-heading\" data-id=\"16c117b\" data-element_type=\"widget\" data-e-type=\"widget\" data-widget_type=\"heading.default\">\n\t\t\t\t<div class=\"elementor-widget-container\">\n\t\t\t\t\t<h3 class=\"elementor-heading-title elementor-size-default\">M\u00e9daille d'or aux Championnats du monde des fromages aux \u00c9tats-Unis!<\/h3>\t\t\t\t<\/div>\n\t\t\t\t<\/div>\n\t\t\t\t<div class=\"elementor-element elementor-element-49449fb elementor-widget elementor-widget-text-editor\" data-id=\"49449fb\" data-element_type=\"widget\" data-e-type=\"widget\" data-widget_type=\"text-editor.default\">\n\t\t\t\t<div class=\"elementor-widget-container\">\n\t\t\t\t\t\t\t\t\t<p>Le R\u00e9serve a gagn\u00e9 la m\u00e9daille d\u2019ort lors au <a href=\"https:\/\/worldchampioncheese.org\/2022-champion\/\" target=\"_blank\" rel=\"noopener\">Concours international prestigieux en Mars 2022.\u00a0<\/a><\/p>\n\t\t\t\t\t\t\t\t<\/div>\n\t\t\t\t<\/div>\n\t\t\t\t\t<\/div>\n\t\t<\/div>\n\t\t\t\t\t<\/div>\n\t\t<\/section>\n\t\t\t\t\t<\/div>\n\t\t<\/div>\n\t\t\t\t\t<\/div>\n\t\t<\/section>\n\t\t\t\t<\/div>\n\t\t","protected":false},"excerpt":{"rendered":"<p>Der Mont Vully Bio K\u00e4se ab sofort im Genossenschaftsladen Bio26 in Freiburg erh\u00e4ltlich. 12.\u00a0Oktober 2024 Am Cheese Festival Bern 26.\u00a0Oktober 2024 Degustation Coop Carouge in Genf 3. und 4. Februar 2025 An der CHEESEAFFAIR in Aarau Le Classique: un r\u00e9gal en toute circonstance Notre Classique est le compagnon id\u00e9al pour toutes les occasions: au petit-d\u00e9jeuner, [&hellip;]<\/p>\n","protected":false},"author":1,"featured_media":710,"parent":0,"menu_order":0,"comment_status":"closed","ping_status":"closed","template":"","meta":{"_acf_changed":false,"site-sidebar-layout":"no-sidebar","site-content-layout":"page-builder","ast-site-content-layout":"default","site-content-style":"default","site-sidebar-style":"default","ast-global-header-display":"","ast-banner-title-visibility":"","ast-main-header-display":"","ast-hfb-above-header-display":"","ast-hfb-below-header-display":"","ast-hfb-mobile-header-display":"","site-post-title":"disabled","ast-breadcrumbs-content":"","ast-featured-img":"disabled","footer-sml-layout":"","theme-transparent-header-meta":"default","adv-header-id-meta":"","stick-header-meta":"default","header-above-stick-meta":"","header-main-stick-meta":"","header-below-stick-meta":"","astra-migrate-meta-layouts":"default","ast-page-background-enabled":"default","ast-page-background-meta":{"desktop":{"background-color":"","background-image":"","background-repeat":"repeat","background-position":"center center","background-size":"auto","background-attachment":"scroll","background-type":"","background-media":"","overlay-type":"","overlay-color":"","overlay-opacity":"","overlay-gradient":""},"tablet":{"background-color":"","background-image":"","background-repeat":"repeat","background-position":"center center","background-size":"auto","background-attachment":"scroll","background-type":"","background-media":"","overlay-type":"","overlay-color":"","overlay-opacity":"","overlay-gradient":""},"mobile":{"background-color":"","background-image":"","background-repeat":"repeat","background-position":"center center","background-size":"auto","background-attachment":"scroll","background-type":"","background-media":"","overlay-type":"","overlay-color":"","overlay-opacity":"","overlay-gradient":""}},"ast-content-background-meta":{"desktop":{"background-color":"var(--ast-global-color-5)","background-image":"","background-repeat":"repeat","background-position":"center center","background-size":"auto","background-attachment":"scroll","background-type":"","background-media":"","overlay-type":"","overlay-color":"","overlay-opacity":"","overlay-gradient":""},"tablet":{"background-color":"var(--ast-global-color-5)","background-image":"","background-repeat":"repeat","background-position":"center center","background-size":"auto","background-attachment":"scroll","background-type":"","background-media":"","overlay-type":"","overlay-color":"","overlay-opacity":"","overlay-gradient":""},"mobile":{"background-color":"var(--ast-global-color-5)","background-image":"","background-repeat":"repeat","background-position":"center center","background-size":"auto","background-attachment":"scroll","background-type":"","background-media":"","overlay-type":"","overlay-color":"","overlay-opacity":"","overlay-gradient":""}},"footnotes":""},"class_list":["post-1171","page","type-page","status-publish","has-post-thumbnail","hentry"],"acf":[],"_links":{"self":[{"href":"https:\/\/www.montvullykaese.ch\/fr\/wp-json\/wp\/v2\/pages\/1171","targetHints":{"allow":["GET"]}}],"collection":[{"href":"https:\/\/www.montvullykaese.ch\/fr\/wp-json\/wp\/v2\/pages"}],"about":[{"href":"https:\/\/www.montvullykaese.ch\/fr\/wp-json\/wp\/v2\/types\/page"}],"author":[{"embeddable":true,"href":"https:\/\/www.montvullykaese.ch\/fr\/wp-json\/wp\/v2\/users\/1"}],"replies":[{"embeddable":true,"href":"https:\/\/www.montvullykaese.ch\/fr\/wp-json\/wp\/v2\/comments?post=1171"}],"version-history":[{"count":14,"href":"https:\/\/www.montvullykaese.ch\/fr\/wp-json\/wp\/v2\/pages\/1171\/revisions"}],"predecessor-version":[{"id":1681,"href":"https:\/\/www.montvullykaese.ch\/fr\/wp-json\/wp\/v2\/pages\/1171\/revisions\/1681"}],"wp:featuredmedia":[{"embeddable":true,"href":"https:\/\/www.montvullykaese.ch\/fr\/wp-json\/wp\/v2\/media\/710"}],"wp:attachment":[{"href":"https:\/\/www.montvullykaese.ch\/fr\/wp-json\/wp\/v2\/media?parent=1171"}],"curies":[{"name":"wp","href":"https:\/\/api.w.org\/{rel}","templated":true}]}}